{"id":10814,"date":"2015-03-05T17:21:30","date_gmt":"2015-03-05T16:21:30","guid":{"rendered":"https:\/\/www.domusvini.eu\/vini\/novecento23-rosso-veneto-igp\/"},"modified":"2024-10-10T18:16:21","modified_gmt":"2024-10-10T16:16:21","slug":"novecento23-rosso-veneto-igp","status":"publish","type":"vini","link":"https:\/\/www.domusvini.eu\/fr\/vins\/novecento23-rosso-veneto-igp\/","title":{"rendered":"Novecento23"},"content":{"rendered":"\n<h4 class=\"wp-block-heading\" id=\"rosso-veneto-igp\">ROSSO VENETO IGP<br>Indicazione Geografica Protetta<\/h4>\n\n\n\n<p>Bouquet intense et ample. Une attaque vanill\u00e9e et florale, tr\u00e8s douce, se distingue sur un fond de sous-bois, fruits secs, noix grill\u00e9es et \u00e9pices. L&rsquo;entr\u00e9e agr\u00e9ablement moelleuse se transforme en une sensation velout\u00e9e et vive. Rond et harmonieux, avec une excellente structure.<\/p>\n","protected":false},"excerpt":{"rendered":"<p>ROSSO VENETO IGPIndicazione Geografica Protetta Bouquet intense et ample. Une attaque vanill\u00e9e et florale, tr\u00e8s douce, se distingue sur un fond de sous-bois, fruits secs, noix grill\u00e9es et \u00e9pices. L&rsquo;entr\u00e9e agr\u00e9ablement moelleuse se transforme en une sensation velout\u00e9e et vive. Rond et harmonieux, avec une excellente structure.<\/p>\n","protected":false},"featured_media":10009,"menu_order":0,"template":"","format":"standard","meta":{"_acf_changed":false,"_gspb_post_css":"#gspb_image-id-gsbp-8bd75653-6768 img{vertical-align:top;display:inline-block;box-sizing:border-box;max-width:100%;width:200px}@media (max-width:991.98px){#gspb_image-id-gsbp-8bd75653-6768 img{width:nullpx}}@media (max-width:767.98px){#gspb_image-id-gsbp-8bd75653-6768 img{width:nullpx}}@media (max-width:575.98px){#gspb_image-id-gsbp-8bd75653-6768 img{width:nullpx}}#gspb_image-id-gsbp-8bd75653-6768,#gspb_image-id-gsbp-8bd75653-6768 img{height:auto}@media (max-width:991.98px){#gspb_image-id-gsbp-8bd75653-6768,#gspb_image-id-gsbp-8bd75653-6768 img{height:auto}}@media (max-width:767.98px){#gspb_image-id-gsbp-8bd75653-6768,#gspb_image-id-gsbp-8bd75653-6768 img{height:auto}}@media (max-width:575.98px){#gspb_image-id-gsbp-8bd75653-6768,#gspb_image-id-gsbp-8bd75653-6768 img{height:auto}}","inline_featured_image":false,"_kad_post_transparent":"","_kad_post_title":"","_kad_post_layout":"","_kad_post_sidebar_id":"","_kad_post_content_style":"","_kad_post_vertical_padding":"","_kad_post_feature":"","_kad_post_feature_position":"","_kad_post_header":false,"_kad_post_footer":false,"_kad_post_classname":"","footnotes":""},"brand":[229],"linea":[238],"tipologia":[252],"evidenza":[255],"class_list":["post-10814","vini","type-vini","status-publish","format-standard","has-post-thumbnail","hentry","brand-novacorte-fr","linea-excellent-fr","tipologia-vins-rouges","evidenza-en-evidence"],"acf":[],"yoast_head":"<!-- This site is optimized with the Yoast SEO plugin v27.2 - https:\/\/yoast.com\/product\/yoast-seo-wordpress\/ -->\n<title>Novecento23 - Vini Veneti | Domus vini<\/title>\n<meta name=\"description\" content=\"Il Novecento23 \u00e8 il vino pi\u00f9 iconico della cantina Domus Vini. Dedicato al fondatore, di cui riporta l&#039;anno di nascita...\" \/>\n<meta name=\"robots\" content=\"index, follow, max-snippet:-1, max-image-preview:large, max-video-preview:-1\" \/>\n<link rel=\"canonical\" href=\"https:\/\/www.domusvini.eu\/fr\/vins\/novecento23-rosso-veneto-igp\/\" \/>\n<meta property=\"og:locale\" content=\"fr_FR\" \/>\n<meta property=\"og:type\" content=\"article\" \/>\n<meta property=\"og:title\" content=\"Novecento23 - Vini Veneti | Domus vini\" \/>\n<meta property=\"og:description\" content=\"Il Novecento23 \u00e8 il vino pi\u00f9 iconico della cantina Domus Vini. Dedicato al fondatore, di cui riporta l&#039;anno di nascita...\" \/>\n<meta property=\"og:url\" content=\"https:\/\/www.domusvini.eu\/fr\/vins\/novecento23-rosso-veneto-igp\/\" \/>\n<meta property=\"og:site_name\" content=\"Domus vini\" \/>\n<meta property=\"article:publisher\" content=\"https:\/\/www.facebook.com\/domusvinisrl\/\" \/>\n<meta property=\"article:modified_time\" content=\"2024-10-10T16:16:21+00:00\" \/>\n<meta property=\"og:image\" content=\"https:\/\/www.domusvini.eu\/wp-content\/uploads\/2023\/08\/novecento23.png\" \/>\n\t<meta property=\"og:image:width\" content=\"260\" \/>\n\t<meta property=\"og:image:height\" content=\"669\" \/>\n\t<meta property=\"og:image:type\" content=\"image\/png\" \/>\n<meta name=\"twitter:label1\" content=\"Dur\u00e9e de lecture estim\u00e9e\" \/>\n\t<meta name=\"twitter:data1\" content=\"1 minute\" \/>\n<script type=\"application\/ld+json\" class=\"yoast-schema-graph\">{\"@context\":\"https:\/\/schema.org\",\"@graph\":[{\"@type\":\"WebPage\",\"@id\":\"https:\/\/www.domusvini.eu\/fr\/vins\/novecento23-rosso-veneto-igp\/\",\"url\":\"https:\/\/www.domusvini.eu\/fr\/vins\/novecento23-rosso-veneto-igp\/\",\"name\":\"Novecento23 - Vini Veneti | Domus vini\",\"isPartOf\":{\"@id\":\"https:\/\/www.domusvini.eu\/fr\/#website\"},\"primaryImageOfPage\":{\"@id\":\"https:\/\/www.domusvini.eu\/fr\/vins\/novecento23-rosso-veneto-igp\/#primaryimage\"},\"image\":{\"@id\":\"https:\/\/www.domusvini.eu\/fr\/vins\/novecento23-rosso-veneto-igp\/#primaryimage\"},\"thumbnailUrl\":\"https:\/\/www.domusvini.eu\/wp-content\/uploads\/2023\/08\/novecento23.png\",\"datePublished\":\"2015-03-05T16:21:30+00:00\",\"dateModified\":\"2024-10-10T16:16:21+00:00\",\"description\":\"Il Novecento23 \u00e8 il vino pi\u00f9 iconico della cantina Domus Vini. Dedicato al fondatore, di cui riporta l'anno di nascita...\",\"breadcrumb\":{\"@id\":\"https:\/\/www.domusvini.eu\/fr\/vins\/novecento23-rosso-veneto-igp\/#breadcrumb\"},\"inLanguage\":\"fr-FR\",\"potentialAction\":[{\"@type\":\"ReadAction\",\"target\":[\"https:\/\/www.domusvini.eu\/fr\/vins\/novecento23-rosso-veneto-igp\/\"]}]},{\"@type\":\"ImageObject\",\"inLanguage\":\"fr-FR\",\"@id\":\"https:\/\/www.domusvini.eu\/fr\/vins\/novecento23-rosso-veneto-igp\/#primaryimage\",\"url\":\"https:\/\/www.domusvini.eu\/wp-content\/uploads\/2023\/08\/novecento23.png\",\"contentUrl\":\"https:\/\/www.domusvini.eu\/wp-content\/uploads\/2023\/08\/novecento23.png\",\"width\":260,\"height\":669,\"caption\":\"Novecento23 Rosso Veneto IGP - Domusvini.eu\"},{\"@type\":\"BreadcrumbList\",\"@id\":\"https:\/\/www.domusvini.eu\/fr\/vins\/novecento23-rosso-veneto-igp\/#breadcrumb\",\"itemListElement\":[{\"@type\":\"ListItem\",\"position\":1,\"name\":\"Home\",\"item\":\"https:\/\/www.domusvini.eu\/fr\/\"},{\"@type\":\"ListItem\",\"position\":2,\"name\":\"Vins\",\"item\":\"https:\/\/www.domusvini.eu\/fr\/vins\/\"},{\"@type\":\"ListItem\",\"position\":3,\"name\":\"Vins Rouges\",\"item\":\"https:\/\/www.domusvini.eu\/fr\/type\/vins-rouges\/\"},{\"@type\":\"ListItem\",\"position\":4,\"name\":\"Novecento23\"}]},{\"@type\":\"WebSite\",\"@id\":\"https:\/\/www.domusvini.eu\/fr\/#website\",\"url\":\"https:\/\/www.domusvini.eu\/fr\/\",\"name\":\"Domus vini\",\"description\":\"Une passion familiale ancienne depuis le d\u00e9but des ann\u00e9es 1900\",\"publisher\":{\"@id\":\"https:\/\/www.domusvini.eu\/fr\/#organization\"},\"potentialAction\":[{\"@type\":\"SearchAction\",\"target\":{\"@type\":\"EntryPoint\",\"urlTemplate\":\"https:\/\/www.domusvini.eu\/fr\/?s={search_term_string}\"},\"query-input\":{\"@type\":\"PropertyValueSpecification\",\"valueRequired\":true,\"valueName\":\"search_term_string\"}}],\"inLanguage\":\"fr-FR\"},{\"@type\":\"Organization\",\"@id\":\"https:\/\/www.domusvini.eu\/fr\/#organization\",\"name\":\"Domus Vini\",\"url\":\"https:\/\/www.domusvini.eu\/fr\/\",\"logo\":{\"@type\":\"ImageObject\",\"inLanguage\":\"fr-FR\",\"@id\":\"https:\/\/www.domusvini.eu\/fr\/#\/schema\/logo\/image\/\",\"url\":\"https:\/\/www.domusvini.eu\/wp-content\/uploads\/2020\/06\/logo-domus-vini.jpg\",\"contentUrl\":\"https:\/\/www.domusvini.eu\/wp-content\/uploads\/2020\/06\/logo-domus-vini.jpg\",\"width\":484,\"height\":55,\"caption\":\"Domus Vini\"},\"image\":{\"@id\":\"https:\/\/www.domusvini.eu\/fr\/#\/schema\/logo\/image\/\"},\"sameAs\":[\"https:\/\/www.facebook.com\/domusvinisrl\/\",\"https:\/\/www.instagram.com\/domus_vini\/\",\"https:\/\/www.linkedin.com\/company\/domusvini\/\"]}]}<\/script>\n<!-- \/ Yoast SEO plugin. -->","yoast_head_json":{"title":"Novecento23 - Vini Veneti | Domus vini","description":"Il Novecento23 \u00e8 il vino pi\u00f9 iconico della cantina Domus Vini. Dedicato al fondatore, di cui riporta l'anno di nascita...","robots":{"index":"index","follow":"follow","max-snippet":"max-snippet:-1","max-image-preview":"max-image-preview:large","max-video-preview":"max-video-preview:-1"},"canonical":"https:\/\/www.domusvini.eu\/fr\/vins\/novecento23-rosso-veneto-igp\/","og_locale":"fr_FR","og_type":"article","og_title":"Novecento23 - Vini Veneti | Domus vini","og_description":"Il Novecento23 \u00e8 il vino pi\u00f9 iconico della cantina Domus Vini. Dedicato al fondatore, di cui riporta l'anno di nascita...","og_url":"https:\/\/www.domusvini.eu\/fr\/vins\/novecento23-rosso-veneto-igp\/","og_site_name":"Domus vini","article_publisher":"https:\/\/www.facebook.com\/domusvinisrl\/","article_modified_time":"2024-10-10T16:16:21+00:00","og_image":[{"width":260,"height":669,"url":"https:\/\/www.domusvini.eu\/wp-content\/uploads\/2023\/08\/novecento23.png","type":"image\/png"}],"twitter_misc":{"Dur\u00e9e de lecture estim\u00e9e":"1 minute"},"schema":{"@context":"https:\/\/schema.org","@graph":[{"@type":"WebPage","@id":"https:\/\/www.domusvini.eu\/fr\/vins\/novecento23-rosso-veneto-igp\/","url":"https:\/\/www.domusvini.eu\/fr\/vins\/novecento23-rosso-veneto-igp\/","name":"Novecento23 - Vini Veneti | Domus vini","isPartOf":{"@id":"https:\/\/www.domusvini.eu\/fr\/#website"},"primaryImageOfPage":{"@id":"https:\/\/www.domusvini.eu\/fr\/vins\/novecento23-rosso-veneto-igp\/#primaryimage"},"image":{"@id":"https:\/\/www.domusvini.eu\/fr\/vins\/novecento23-rosso-veneto-igp\/#primaryimage"},"thumbnailUrl":"https:\/\/www.domusvini.eu\/wp-content\/uploads\/2023\/08\/novecento23.png","datePublished":"2015-03-05T16:21:30+00:00","dateModified":"2024-10-10T16:16:21+00:00","description":"Il Novecento23 \u00e8 il vino pi\u00f9 iconico della cantina Domus Vini. Dedicato al fondatore, di cui riporta l'anno di nascita...","breadcrumb":{"@id":"https:\/\/www.domusvini.eu\/fr\/vins\/novecento23-rosso-veneto-igp\/#breadcrumb"},"inLanguage":"fr-FR","potentialAction":[{"@type":"ReadAction","target":["https:\/\/www.domusvini.eu\/fr\/vins\/novecento23-rosso-veneto-igp\/"]}]},{"@type":"ImageObject","inLanguage":"fr-FR","@id":"https:\/\/www.domusvini.eu\/fr\/vins\/novecento23-rosso-veneto-igp\/#primaryimage","url":"https:\/\/www.domusvini.eu\/wp-content\/uploads\/2023\/08\/novecento23.png","contentUrl":"https:\/\/www.domusvini.eu\/wp-content\/uploads\/2023\/08\/novecento23.png","width":260,"height":669,"caption":"Novecento23 Rosso Veneto IGP - Domusvini.eu"},{"@type":"BreadcrumbList","@id":"https:\/\/www.domusvini.eu\/fr\/vins\/novecento23-rosso-veneto-igp\/#breadcrumb","itemListElement":[{"@type":"ListItem","position":1,"name":"Home","item":"https:\/\/www.domusvini.eu\/fr\/"},{"@type":"ListItem","position":2,"name":"Vins","item":"https:\/\/www.domusvini.eu\/fr\/vins\/"},{"@type":"ListItem","position":3,"name":"Vins Rouges","item":"https:\/\/www.domusvini.eu\/fr\/type\/vins-rouges\/"},{"@type":"ListItem","position":4,"name":"Novecento23"}]},{"@type":"WebSite","@id":"https:\/\/www.domusvini.eu\/fr\/#website","url":"https:\/\/www.domusvini.eu\/fr\/","name":"Domus vini","description":"Une passion familiale ancienne depuis le d\u00e9but des ann\u00e9es 1900","publisher":{"@id":"https:\/\/www.domusvini.eu\/fr\/#organization"},"potentialAction":[{"@type":"SearchAction","target":{"@type":"EntryPoint","urlTemplate":"https:\/\/www.domusvini.eu\/fr\/?s={search_term_string}"},"query-input":{"@type":"PropertyValueSpecification","valueRequired":true,"valueName":"search_term_string"}}],"inLanguage":"fr-FR"},{"@type":"Organization","@id":"https:\/\/www.domusvini.eu\/fr\/#organization","name":"Domus Vini","url":"https:\/\/www.domusvini.eu\/fr\/","logo":{"@type":"ImageObject","inLanguage":"fr-FR","@id":"https:\/\/www.domusvini.eu\/fr\/#\/schema\/logo\/image\/","url":"https:\/\/www.domusvini.eu\/wp-content\/uploads\/2020\/06\/logo-domus-vini.jpg","contentUrl":"https:\/\/www.domusvini.eu\/wp-content\/uploads\/2020\/06\/logo-domus-vini.jpg","width":484,"height":55,"caption":"Domus Vini"},"image":{"@id":"https:\/\/www.domusvini.eu\/fr\/#\/schema\/logo\/image\/"},"sameAs":["https:\/\/www.facebook.com\/domusvinisrl\/","https:\/\/www.instagram.com\/domus_vini\/","https:\/\/www.linkedin.com\/company\/domusvini\/"]}]}},"_links":{"self":[{"href":"https:\/\/www.domusvini.eu\/fr\/wp-json\/wp\/v2\/vini\/10814","targetHints":{"allow":["GET"]}}],"collection":[{"href":"https:\/\/www.domusvini.eu\/fr\/wp-json\/wp\/v2\/vini"}],"about":[{"href":"https:\/\/www.domusvini.eu\/fr\/wp-json\/wp\/v2\/types\/vini"}],"version-history":[{"count":1,"href":"https:\/\/www.domusvini.eu\/fr\/wp-json\/wp\/v2\/vini\/10814\/revisions"}],"predecessor-version":[{"id":10817,"href":"https:\/\/www.domusvini.eu\/fr\/wp-json\/wp\/v2\/vini\/10814\/revisions\/10817"}],"wp:featuredmedia":[{"embeddable":true,"href":"https:\/\/www.domusvini.eu\/fr\/wp-json\/wp\/v2\/media\/10009"}],"wp:attachment":[{"href":"https:\/\/www.domusvini.eu\/fr\/wp-json\/wp\/v2\/media?parent=10814"}],"wp:term":[{"taxonomy":"brand","embeddable":true,"href":"https:\/\/www.domusvini.eu\/fr\/wp-json\/wp\/v2\/brand?post=10814"},{"taxonomy":"linea","embeddable":true,"href":"https:\/\/www.domusvini.eu\/fr\/wp-json\/wp\/v2\/linea?post=10814"},{"taxonomy":"tipologia","embeddable":true,"href":"https:\/\/www.domusvini.eu\/fr\/wp-json\/wp\/v2\/tipologia?post=10814"},{"taxonomy":"evidenza","embeddable":true,"href":"https:\/\/www.domusvini.eu\/fr\/wp-json\/wp\/v2\/evidenza?post=10814"}],"curies":[{"name":"wp","href":"https:\/\/api.w.org\/{rel}","templated":true}]}}